{"id":6,"date":"2023-03-31T13:24:20","date_gmt":"2023-03-31T12:24:20","guid":{"rendered":"https:\/\/sionszava.hu\/?page_id=6"},"modified":"2024-03-01T10:30:05","modified_gmt":"2024-03-01T09:30:05","slug":"home","status":"publish","type":"page","link":"https:\/\/sionszava.hu\/","title":{"rendered":"Kezd\u0151lap"},"content":{"rendered":"\t\t<div data-elementor-type=\"wp-post\" data-elementor-id=\"6\" class=\"elementor elementor-6\" data-elementor-post-type=\"page\">\n\t\t\t\t<div class=\"elementor-element elementor-element-fe71526 e-flex e-con-boxed e-con e-parent\" data-id=\"fe71526\" data-element_type=\"container\" data-e-type=\"container\">\n\t\t\t\t\t<div class=\"e-con-inner\">\n\t\t<div class=\"elementor-element elementor-element-c2daa78 e-flex e-con-boxed e-con e-child\" data-id=\"c2daa78\" data-element_type=\"container\" data-e-type=\"container\">\n\t\t\t\t\t<div class=\"e-con-inner\">\n\t\t\t\t<div class=\"elementor-element elementor-element-f0ca794 elementor-widget elementor-widget-heading\" data-id=\"f0ca794\" data-element_type=\"widget\" data-e-type=\"widget\" data-settings=\"{&quot;motion_fx_motion_fx_scrolling&quot;:&quot;yes&quot;,&quot;motion_fx_blur_effect&quot;:&quot;yes&quot;,&quot;motion_fx_blur_direction&quot;:&quot;out-in-out&quot;,&quot;motion_fx_blur_range&quot;:{&quot;unit&quot;:&quot;%&quot;,&quot;size&quot;:&quot;&quot;,&quot;sizes&quot;:{&quot;start&quot;:20,&quot;end&quot;:82}},&quot;motion_fx_blur_level&quot;:{&quot;unit&quot;:&quot;px&quot;,&quot;size&quot;:7,&quot;sizes&quot;:[]},&quot;motion_fx_devices&quot;:[&quot;desktop&quot;,&quot;tablet&quot;,&quot;mobile&quot;]}\" data-widget_type=\"heading.default\">\n\t\t\t\t<div class=\"elementor-widget-container\">\n\t\t\t\t\t<h1 class=\"elementor-heading-title elementor-size-default\">\u00dcDV\u00d6ZL\u00dcNK A SION SZAVA TELJES EVANG\u00c9LIUMI GY\u00dcLEKEZET HONLAPJ\u00c1N!<\/h1>\t\t\t\t<\/div>\n\t\t\t\t<\/div>\n\t\t<div class=\"elementor-element elementor-element-89c56a3 e-flex e-con-boxed e-con e-child\" data-id=\"89c56a3\" data-element_type=\"container\" data-e-type=\"container\">\n\t\t\t\t\t<div class=\"e-con-inner\">\n\t\t\t\t<div class=\"elementor-element elementor-element-1d095d2 elementor-widget__width-initial elementor-widget elementor-widget-video\" data-id=\"1d095d2\" data-element_type=\"widget\" data-e-type=\"widget\" data-settings=\"{&quot;video_type&quot;:&quot;hosted&quot;,&quot;mute&quot;:&quot;yes&quot;,&quot;motion_fx_motion_fx_mouse&quot;:&quot;yes&quot;,&quot;motion_fx_tilt_effect&quot;:&quot;yes&quot;,&quot;motion_fx_tilt_speed&quot;:{&quot;unit&quot;:&quot;px&quot;,&quot;size&quot;:2.5,&quot;sizes&quot;:[]},&quot;controls&quot;:&quot;yes&quot;}\" data-widget_type=\"video.default\">\n\t\t\t\t<div class=\"elementor-widget-container\">\n\t\t\t\t\t\t\t<div class=\"e-hosted-video elementor-wrapper elementor-open-inline\">\n\t\t\t\t\t<video class=\"elementor-video\" src=\"http:\/\/sionszava.hu\/wp-content\/uploads\/2023\/04\/SION SZAVA L\u00c1T\u00c1S.mp4\" controls=\"\" preload=\"metadata\" muted=\"muted\" controlsList=\"nodownload\"><\/video>\n\t\t\t\t<\/div>\n\t\t\t\t\t\t<\/div>\n\t\t\t\t<\/div>\n\t\t\t\t\t<\/div>\n\t\t\t\t<\/div>\n\t\t<div class=\"elementor-element elementor-element-761e901 e-con-full e-flex e-con e-child\" data-id=\"761e901\" data-element_type=\"container\" data-e-type=\"container\">\n\t\t\t\t<div class=\"elementor-element elementor-element-5017d87 elementor-widget elementor-widget-text-editor\" data-id=\"5017d87\" data-element_type=\"widget\" data-e-type=\"widget\" data-settings=\"{&quot;_animation_tablet&quot;:&quot;slideInUp&quot;}\" data-widget_type=\"text-editor.default\">\n\t\t\t\t<div class=\"elementor-widget-container\">\n\t\t\t\t\t\t\t\t\t<div>\n<div>Gy\u00fclekezeth\u00e1l\u00f3zatunk mind\u00f6ssze r\u00f6vid m\u00falttal, de rem\u00e9nyteljes j\u00f6v\u0151vel m\u0171k\u00f6dik Magyarorsz\u00e1gon \u00e9s hat\u00e1rainkon &nbsp;t\u00fal. Dinamikus \u00e9s \u00e1ldott \u00e9p\u00fcl\u00e9st \u00e9l\u00fcnk meg minden napon. C\u00e9lunk, hogy Isten szeretete el\u00e9rje az embereket a K\u00e1rp\u00e1t-Medenc\u00e9ben \u00e9s azon t\u00falterjed\u0151en. \u00dajra \u00e9s \u00fajra felismerj\u00fck, hogy az embereknek sz\u00fcks\u00e9ge van a kegyelemre, amely J\u00e9zus Krisztusban \u00e9rhet\u0151 el mindenki sz\u00e1m\u00e1ra. Nyitottak vagyunk \u00faj \u00e9p\u00edt\u0151 kapcsolatokra hazai \u00e9s k\u00fclf\u00f6ldi vonatkoz\u00e1sban, szem\u00e9lyek \u00e9s szervezetek, csoportok, gy\u00fclekezetek sz\u00e1m\u00e1ra egyar\u00e1nt. K\u00f6sz\u00f6nj\u00fck, hogy megl\u00e1togattad honlapunkat, Isten \u00e1ldjon! Ha inspir\u00e1ci\u00f3t \u00e9rzel arra, hogy Isten Kir\u00e1lys\u00e1ga \u00e9p\u00edt\u00e9s\u00e9ben vel\u00fcnk tarts, keress minket el\u00e9rhet\u0151s\u00e9geinken! Sok-sok \u00e1ld\u00e1st \u00e9s gy\u0151ztes napot!<\/div>\n<\/div>\t\t\t\t\t\t\t\t<\/div>\n\t\t\t\t<\/div>\n\t\t\t\t<\/div>\n\t\t<div class=\"elementor-element elementor-element-37ce593 e-con-full e-flex e-con e-child\" data-id=\"37ce593\" data-element_type=\"container\" data-e-type=\"container\">\n\t\t\t\t<div class=\"elementor-element elementor-element-6e0bb6d elementor-widget elementor-widget-text-editor\" data-id=\"6e0bb6d\" data-element_type=\"widget\" data-e-type=\"widget\" data-settings=\"{&quot;_animation_tablet&quot;:&quot;slideInUp&quot;}\" data-widget_type=\"text-editor.default\">\n\t\t\t\t<div class=\"elementor-widget-container\">\n\t\t\t\t\t\t\t\t\t<p><strong>Amennyiben szeretn\u00e9 seg\u00edteni szolg\u00e1latunkat, t\u00e1mogathat minket az egyh\u00e1zi ad\u00f3 1% -nak felaj\u00e1nl\u00e1s\u00e1val. Sz\u00edves t\u00e1mogat\u00e1s\u00e1t k\u00f6sz\u00f6nettel vessz\u00fck! <\/strong><\/p><p>Technikai sz\u00e1munk: <strong>2745<\/strong><\/p>\t\t\t\t\t\t\t\t<\/div>\n\t\t\t\t<\/div>\n\t\t\t\t<\/div>\n\t\t\t\t\t<\/div>\n\t\t\t\t<\/div>\n\t\t<div class=\"elementor-element elementor-element-cb3346e e-flex e-con-boxed e-con e-child\" data-id=\"cb3346e\" data-element_type=\"container\" data-e-type=\"container\">\n\t\t\t\t\t<div class=\"e-con-inner\">\n\t\t\t\t<div class=\"elementor-element elementor-element-a0a652a elementor-hidden-desktop elementor-hidden-tablet elementor-search-form--skin-classic elementor-search-form--button-type-icon elementor-search-form--icon-search elementor-widget elementor-widget-search-form\" data-id=\"a0a652a\" data-element_type=\"widget\" data-e-type=\"widget\" data-settings=\"{&quot;_animation_mobile&quot;:&quot;zoomIn&quot;,&quot;skin&quot;:&quot;classic&quot;}\" data-widget_type=\"search-form.default\">\n\t\t\t\t<div class=\"elementor-widget-container\">\n\t\t\t\t\t\t\t<form class=\"elementor-search-form\" action=\"https:\/\/sionszava.hu\" method=\"get\" role=\"search\">\n\t\t\t\t\t\t\t\t\t<div class=\"elementor-search-form__container\">\n\t\t\t\t<label class=\"elementor-screen-only\" for=\"elementor-search-form-a0a652a\">Keres\u00e9s<\/label>\n\n\t\t\t\t\n\t\t\t\t<input id=\"elementor-search-form-a0a652a\" placeholder=\"Keres\u00e9s...\" class=\"elementor-search-form__input\" type=\"search\" name=\"s\" value=\"\">\n\t\t\t\t\n\t\t\t\t\t\t\t\t\t<button class=\"elementor-search-form__submit\" type=\"submit\" aria-label=\"Keres\u00e9s\">\n\t\t\t\t\t\t\t\t\t\t\t\t\t<i aria-hidden=\"true\" class=\"fas fa-search\"><\/i>\t\t\t\t\t\t\t<span class=\"elementor-screen-only\">Keres\u00e9s<\/span>\n\t\t\t\t\t\t\t\t\t\t\t<\/button>\n\t\t\t\t\n\t\t\t\t\t\t\t<\/div>\n\t\t<\/form>\n\t\t\t\t\t\t<\/div>\n\t\t\t\t<\/div>\n\t\t\t\t\t<\/div>\n\t\t\t\t<\/div>\n\t\t\t\t\t<\/div>\n\t\t\t\t<\/div>\n\t\t\t\t<\/div>\n\t\t","protected":false},"excerpt":{"rendered":"<p>\u00dcDV\u00d6ZL\u00dcNK A SION SZAVA TELJES EVANG\u00c9LIUMI GY\u00dcLEKEZET HONLAPJ\u00c1N! http:\/\/sionszava.hu\/wp-content\/uploads\/2023\/04\/SION%20SZAVA%20L\u00c1T\u00c1S.mp4 Gy\u00fclekezeth\u00e1l\u00f3zatunk mind\u00f6ssze r\u00f6vid m\u00falttal, de rem\u00e9nyteljes j\u00f6v\u0151vel m\u0171k\u00f6dik Magyarorsz\u00e1gon \u00e9s hat\u00e1rainkon &nbsp;t\u00fal. Dinamikus \u00e9s \u00e1ldott \u00e9p\u00fcl\u00e9st \u00e9l\u00fcnk meg minden napon. C\u00e9lunk, hogy Isten szeretete el\u00e9rje az embereket a K\u00e1rp\u00e1t-Medenc\u00e9ben \u00e9s azon t\u00falterjed\u0151en. \u00dajra \u00e9s \u00fajra felismerj\u00fck, hogy az embereknek sz\u00fcks\u00e9ge van a kegyelemre, amely J\u00e9zus Krisztusban [&hellip;]<\/p>\n","protected":false},"author":1,"featured_media":0,"parent":0,"menu_order":0,"comment_status":"closed","ping_status":"closed","template":"elementor_header_footer","meta":{"footnotes":""},"class_list":["post-6","page","type-page","status-publish","hentry"],"_links":{"self":[{"href":"https:\/\/sionszava.hu\/index.php?rest_route=\/wp\/v2\/pages\/6","targetHints":{"allow":["GET"]}}],"collection":[{"href":"https:\/\/sionszava.hu\/index.php?rest_route=\/wp\/v2\/pages"}],"about":[{"href":"https:\/\/sionszava.hu\/index.php?rest_route=\/wp\/v2\/types\/page"}],"author":[{"embeddable":true,"href":"https:\/\/sionszava.hu\/index.php?rest_route=\/wp\/v2\/users\/1"}],"replies":[{"embeddable":true,"href":"https:\/\/sionszava.hu\/index.php?rest_route=%2Fwp%2Fv2%2Fcomments&post=6"}],"version-history":[{"count":8,"href":"https:\/\/sionszava.hu\/index.php?rest_route=\/wp\/v2\/pages\/6\/revisions"}],"predecessor-version":[{"id":541,"href":"https:\/\/sionszava.hu\/index.php?rest_route=\/wp\/v2\/pages\/6\/revisions\/541"}],"wp:attachment":[{"href":"https:\/\/sionszava.hu\/index.php?rest_route=%2Fwp%2Fv2%2Fmedia&parent=6"}],"curies":[{"name":"wp","href":"https:\/\/api.w.org\/{rel}","templated":true}]}}